{"id":2177,"date":"2025-01-27T12:39:08","date_gmt":"2025-01-27T11:39:08","guid":{"rendered":"https:\/\/staging.s-el.de\/?page_id=2177"},"modified":"2025-01-27T13:42:04","modified_gmt":"2025-01-27T12:42:04","slug":"datenschutzerklaerung","status":"publish","type":"page","link":"https:\/\/staging.s-el.de\/?page_id=2177","title":{"rendered":"Datenschutzerkl\u00e4rung"},"content":{"rendered":"\t\t<div data-elementor-type=\"wp-page\" data-elementor-id=\"2177\" class=\"elementor elementor-2177\">\n\t\t\t\t<div class=\"elementor-element elementor-element-2a02a8d e-flex e-con-boxed e-con e-parent\" data-id=\"2a02a8d\" data-element_type=\"container\" data-e-type=\"container\">\n\t\t\t\t\t<div class=\"e-con-inner\">\n\t\t\t\t<div class=\"elementor-element elementor-element-91d9df2 elementor-widget elementor-widget-heading\" data-id=\"91d9df2\" data-element_type=\"widget\" data-e-type=\"widget\" data-widget_type=\"heading.default\">\n\t\t\t\t<div class=\"elementor-widget-container\">\n\t\t\t\t\t<h2 class=\"elementor-heading-title elementor-size-default\">Datenschutzerkl\u00e4rung<\/h2>\t\t\t\t<\/div>\n\t\t\t\t<\/div>\n\t\t\t\t<div class=\"elementor-element elementor-element-2652e0d elementor-widget elementor-widget-heading\" data-id=\"2652e0d\" data-element_type=\"widget\" data-e-type=\"widget\" data-widget_type=\"heading.default\">\n\t\t\t\t<div class=\"elementor-widget-container\">\n\t\t\t\t\t<h2 class=\"elementor-heading-title elementor-size-default\">I. Grundlegendes<\/h2>\t\t\t\t<\/div>\n\t\t\t\t<\/div>\n\t\t\t\t<div class=\"elementor-element elementor-element-a46214b elementor-widget elementor-widget-text-editor\" data-id=\"a46214b\" data-element_type=\"widget\" data-e-type=\"widget\" data-widget_type=\"text-editor.default\">\n\t\t\t\t<div class=\"elementor-widget-container\">\n\t\t\t\t\t\t\t\t\t<p>Hier informieren wir Sie \u00fcber die Verarbeitung personenbezogener Daten bei Nutzung unserer<br \/>Onlinepr\u00e4senzen. Diese Online-Datenschutzerkl\u00e4rung gilt also f\u00fcr unsere Internetseite<br \/>www.s-el.de sowie f\u00fcr unsere Profile in den sozialen Netzwerken.<br \/>Personenbezogene Daten sind alle Daten, die auf Sie pers\u00f6nlich beziehbar sind, also u.a. Name,<br \/>Anschrift, E-Mail, IP-Adresse oder auch das Nutzerverhalten.<br \/>Hinsichtlich der verwendeten Begriffe, wie z.B. \u201eVerarbeitung\u201c, \u201eVerantwortlicher\u201c oder<br \/>\u201eBetroffener\u201c, wird auf die Definitionen in Art. 4 DSGVO verwiesen. Dort findet sich insbesondere<br \/>folgendes:<br \/>\u201ePersonenbezogene Daten\u201c sind alle Informationen, die sich auf eine identifizierte oder<br \/>identifizierbare nat\u00fcrliche Person (der \u201eBetroffene\u201c oder die \u201ebetroffene Person\u201c) beziehen; als<br \/>identifizierbar wird eine nat\u00fcrliche Person angesehen, die direkt oder indirekt, insbesondere<br \/>mittels Zuordnung zu einer Kennung wie einem Namen, zu einer Kennnummer, zu Standortdaten,<br \/>zu einer Online-Kennung oder zu einem oder mehreren besonderen Merkmalen identifiziert<br \/>werden kann, die Ausdruck der physischen, physiologischen, genetischen, psychischen,<br \/>wirtschaftlichen, kulturellen oder sozialen Identit\u00e4t dieser nat\u00fcrlichen Person sind (Art. 4 Nr. 1<br \/>DSGVO).<br \/>\u201eVerarbeitung\u201c ist jeder mit oder ohne Hilfe automatisierter Verfahren ausgef\u00fchrten Vorgang oder<br \/>jede solche Vorgangsreihe im Zusammenhang mit personenbezogenen Daten wie das Erheben,<br \/>das Erfassen, die Organisation, das Ordnen, die Speicherung, die Anpassung oder Ver\u00e4nderung,<br \/>das Auslesen, das Abfragen, die Verwendung, die Offenlegung durch \u00dcbermittlung, Verbreitung<br \/>oder eine andere Form der Bereitstellung, den Abgleich oder die Verkn\u00fcpfung, die Einschr\u00e4nkung,<br \/>das L\u00f6schen oder die Vernichtung (Art. 4 Nr. 2 DSGVO).<br \/>\u201eVerantwortlicher\u201c (oder \u201everantwortliche Stelle\u201c) ist die nat\u00fcrliche oder juristische Person,<br \/>Beh\u00f6rde, Einrichtung oder andere Stelle, die allein oder gemeinsam mit anderen \u00fcber die Zwecke<br \/>und Mittel der Verarbeitung von personenbezogenen Daten entscheidet (Art. 4 Nr. 7 DSGVO).<br \/>\u201eAuftragsverarbeiter\u201c ist eine nat\u00fcrliche oder juristische Person, Beh\u00f6rde, Einrichtung oder<br \/>andere Stelle, die personenbezogene Daten im Auftrag des Verantwortlichen verarbeitet (Art. 4<br \/>Nr. 8 DSGV).<br \/>Insbesondere die Begriffe \u201eVerarbeitung\u201c und \u201epersonenbezogene Daten\u201c sind sehr<br \/>weitreichend, so dass nahezu jeder Umgang mit Daten darunter verstanden werden kann.<\/p>\t\t\t\t\t\t\t\t<\/div>\n\t\t\t\t<\/div>\n\t\t\t\t<div class=\"elementor-element elementor-element-d532633 elementor-widget elementor-widget-heading\" data-id=\"d532633\" data-element_type=\"widget\" data-e-type=\"widget\" data-widget_type=\"heading.default\">\n\t\t\t\t<div class=\"elementor-widget-container\">\n\t\t\t\t\t<h2 class=\"elementor-heading-title elementor-size-default\">II. Wer ist die verantwortliche Stelle?<\/h2>\t\t\t\t<\/div>\n\t\t\t\t<\/div>\n\t\t\t\t<div class=\"elementor-element elementor-element-35c6a83 elementor-widget elementor-widget-text-editor\" data-id=\"35c6a83\" data-element_type=\"widget\" data-e-type=\"widget\" data-widget_type=\"text-editor.default\">\n\t\t\t\t<div class=\"elementor-widget-container\">\n\t\t\t\t\t\t\t\t\t<p>Wir sind f\u00fcr die Verarbeitung Ihrer Daten verantwortlich:<\/p><p>Seniorenheim ELIM Bonn e.V.<\/p><p>R\u00f6merstr. 41<\/p><p>53111 Bonn<\/p><p>Tel.: 0228 9845-0<\/p><p>Fax: 0228 9845-115<\/p><p>E-Mail: mail@s-el.de<\/p>\t\t\t\t\t\t\t\t<\/div>\n\t\t\t\t<\/div>\n\t\t\t\t<div class=\"elementor-element elementor-element-8b46701 elementor-widget elementor-widget-heading\" data-id=\"8b46701\" data-element_type=\"widget\" data-e-type=\"widget\" data-widget_type=\"heading.default\">\n\t\t\t\t<div class=\"elementor-widget-container\">\n\t\t\t\t\t<h2 class=\"elementor-heading-title elementor-size-default\">III. Wie erreichen Sie unseren Datenschutzbeauftragten?<\/h2>\t\t\t\t<\/div>\n\t\t\t\t<\/div>\n\t\t\t\t<div class=\"elementor-element elementor-element-a336876 elementor-widget elementor-widget-text-editor\" data-id=\"a336876\" data-element_type=\"widget\" data-e-type=\"widget\" data-widget_type=\"text-editor.default\">\n\t\t\t\t<div class=\"elementor-widget-container\">\n\t\t\t\t\t\t\t\t\t<p>Der Datenschutzbeauftragte des Verantwortlichen ist:<\/p><p>Heinrich Guderian<\/p><p>Seniorenheim ELIM Bonn e.V.<\/p><p>R\u00f6merstr. 41<\/p><p>53111 Bonn<\/p><p>Tel.: 0228 9845-0<\/p><p>Fax: 0228 9845-115<\/p><p>E-Mail: hg@s-el.de<\/p>\t\t\t\t\t\t\t\t<\/div>\n\t\t\t\t<\/div>\n\t\t\t\t<div class=\"elementor-element elementor-element-4cf4b98 elementor-widget elementor-widget-heading\" data-id=\"4cf4b98\" data-element_type=\"widget\" data-e-type=\"widget\" data-widget_type=\"heading.default\">\n\t\t\t\t<div class=\"elementor-widget-container\">\n\t\t\t\t\t<h2 class=\"elementor-heading-title elementor-size-default\">IV. Wer ist von der Datenverarbeitung betroffen?<\/h2>\t\t\t\t<\/div>\n\t\t\t\t<\/div>\n\t\t\t\t<div class=\"elementor-element elementor-element-5097b1d elementor-widget elementor-widget-text-editor\" data-id=\"5097b1d\" data-element_type=\"widget\" data-e-type=\"widget\" data-widget_type=\"text-editor.default\">\n\t\t\t\t<div class=\"elementor-widget-container\">\n\t\t\t\t\t\t\t\t\t<p>Wenn Sie z.B. als Interessent, Kunde, Lieferant, Dienstleister oder sonstiger Besucher unsere<br \/>Internetseite besuchen, erfolgt die Verarbeitung Ihrer personenbezogenen Daten im Rahmen der<br \/>gesetzlichen Vorschriften bzw. dieser Erkl\u00e4rung. Alle Besucher unserer Internetseite werden<br \/>unter dem Begriff \u201eNutzer\u201c zusammengefasst.<\/p>\t\t\t\t\t\t\t\t<\/div>\n\t\t\t\t<\/div>\n\t\t\t\t<div class=\"elementor-element elementor-element-0550f8e elementor-widget elementor-widget-heading\" data-id=\"0550f8e\" data-element_type=\"widget\" data-e-type=\"widget\" data-widget_type=\"heading.default\">\n\t\t\t\t<div class=\"elementor-widget-container\">\n\t\t\t\t\t<h2 class=\"elementor-heading-title elementor-size-default\">V. Welche Daten erheben wir von Ihnen und zu welchen Zwecken bzw. auf welcher\nRechtsgrundlage verarbeiten wir diese?<\/h2>\t\t\t\t<\/div>\n\t\t\t\t<\/div>\n\t\t\t\t<div class=\"elementor-element elementor-element-dc87d06 elementor-widget elementor-widget-text-editor\" data-id=\"dc87d06\" data-element_type=\"widget\" data-e-type=\"widget\" data-widget_type=\"text-editor.default\">\n\t\t\t\t<div class=\"elementor-widget-container\">\n\t\t\t\t\t\t\t\t\t<p>Wenn Sie unsere Internetseite besuchen, ohne sich zu registrieren oder uns auf andere Weise<br \/>Informationen zu \u00fcbermitteln, werden nur die personenbezogenen Daten verarbeitet, die der von<br \/>Ihnen genutzte Browser an unseren Server \u00fcbermittelt. Es werden dann nach unserer Kenntnis<br \/>u.a. die nachfolgend aufgef\u00fchrten Daten verarbeitet, die technisch erforderlich sind, um unsere<br \/>Internetseite anzuzeigen und um deren Stabilit\u00e4t und Sicherheit gew\u00e4hrleisten zu k\u00f6nnen:<br \/>&#8211; IP-Adresse des anfragenden Rechners<br \/>&#8211; Datum und Uhrzeit der Anfrage<br \/>&#8211; Name und URL der abgerufenen Datei<br \/>&#8211; Zugriffsstatus \/ HTTP-Statuscode<br \/>&#8211; \u00fcbertragene Datenmenge<br \/>&#8211; Website, von der die Anfrage kommt (Referrer-URL)<br \/>&#8211; verwendeter Browser<br \/>&#8211; Betriebssystem<br \/>Die Verarbeitung dieser Daten in sog. Log-Files ist erforderlich, um unsere Internetseite<br \/>anzuzeigen und die Stabilit\u00e4t und Sicherheit zu gew\u00e4hrleisten.<br \/>Wenn Sie dar\u00fcber hinaus noch personenbezogene Daten an uns \u00fcbermitteln, z.B. im Rahmen<br \/>einer Anfrage per E-Mail oder \u00fcber unser Kontaktformular, dann verarbeiten wir<br \/>\u2013 abh\u00e4ngig von Ihren Angaben \u2013 au\u00dferdem noch folgende Daten:<br \/>&#8211; Bestandsdaten (z.B. Name, Anschrift)<br \/>&#8211; Kontaktdaten (z.B. E-Mail-Adresse, Telefonnummer)<br \/>&#8211; Inhaltsdaten (z.B. Texteingaben, Fotos, Videos)<br \/>&#8211; Nutzungsdaten (z.B. besuchte Sites, Zugriffszeiten)<br \/>&#8211; Kommunikations- \/ Metadaten (z.B. Ger\u00e4te-Informationen, IP-Adressen)<br \/>Au\u00dferdem verarbeiten wir ggf. noch folgende personengezogenen Daten zu Zwecken der<br \/>Erbringung vertraglicher Leistungen, Service und Kundenpflege sowie Marketing \/ Werbung:<br \/>&#8211; Vertragsdaten (z.B. Vertragsgegenstand, Laufzeit, Kundennummer)<br \/>&#8211; Zahlungsdaten (z.B. Bankverbindung, Zahlungshistorie)<br \/>Wir verarbeiten Ihre personenbezogenen Daten bei Ihrem Besuch auf unserer Internetseite zu<br \/>folgenden Zwecken:<br \/>&#8211; Bereitstellen der Funktionen und Inhalte unseres Onlineangebots<br \/>&#8211; Gew\u00e4hrleistung eines reibungslosen Verbindungsaufbaus zu unserer Internetseite<br \/>&#8211; Gew\u00e4hrleistung einer komfortablen Nutzung unserer Internetseite<br \/>&#8211; Auswertung und Gew\u00e4hrleistung der Systemsicherheit und -stabilit\u00e4t sowie allgemeine<br \/>Sicherheitsma\u00dfnahmen<br \/>&#8211; Beantwortung etwaiger Kontaktanfragen bzw. zur Kommunikation mit Ihnen<br \/>&#8211; weitere administrative Zwecken<br \/>&#8211; Erbringung vertraglicher Leistungen<br \/>&#8211; Kundenservice<br \/>Sofern wir im Rahmen dieser Datenschutzerkl\u00e4rung keine spezielle Rechtsgrundlage angeben,<br \/>gilt f\u00fcr die Verarbeitung Ihrer personenbezogenen Daten folgendes: Die Rechtsgrundlage f\u00fcr die<br \/>Einholung von Einwilligungen ergibt sich aus Art. 6 Abs. 1 lit. a, Art. 7 DSGVO. Als Rechtsgrundlage<br \/>f\u00fcr die Datenverarbeitung zur Erf\u00fcllung unserer Leistungen und Durchf\u00fchrung (vor-) vertraglicher<br \/>Ma\u00dfnahmen sowie zwecks Beantwortung von etwaigen Anfragen gilt Art. 6 Abs. 1 lit. b DSGVO.<br \/>F\u00fcr die Datenverarbeitung zur Erf\u00fcllung rechtlicher Verpflichtungen ist Art. 6 Abs. 1 lit. c DSGVO<br \/>die Rechtsgrundlage. Sollten lebenswichtige Interessen der betroffenen oder einer anderen<br \/>nat\u00fcrlichen Person die Datenverarbeitung erforderlich machen, ergibt sich die Rechtsgrundlage<br \/>aus Art. 6 Abs. 1 lit. d DSGVO. Die Datenverarbeitung zur Wahrung unserer berechtigten<br \/>Interessen erfolgt auf Basis von Art. 6 Abs. 1 lit. f DSGVO. Unser berechtigtes Interesse folgt dabei<br \/>aus den oben genannten Zwecken der Datenerhebung.<br \/>Wenn wir im Rahmen der Verarbeitung Ihrer personenbezogenen Daten diese gegen\u00fcber Dritten<br \/>offenbaren, sie an diese \u00fcbermitteln oder ihnen sonst Zugriff auf die Daten gew\u00e4hren, erfolgt dies<br \/>ausschlie\u00dflich auf Basis einer gesetzlichen Erlaubnis, soweit Sie darin eingewilligt haben, wir<br \/>dazu rechtlich verpflichtet sind oder auf Basis unserer berechtigten Interessen. Eine gesetzliche<br \/>Erlaubnis besteht insbesondere dann, wenn die Weitergabe der Daten zur Erf\u00fcllung vertraglicher<br \/>Pflichten erforderlich ist (z.B. bei Zahlungs- oder Versanddienstleistern). Ein berechtigtes<br \/>Interesse kann dann bestehen, wenn wir Daten f\u00fcr Direktwerbung oder zur Verhinderung von<br \/>Betrug nutzen oder auch dann, wenn Sie Kunde von uns sind. Ebenfalls kann ein berechtigtes<br \/>Interesse z.B. beim Einsatz von Web- oder E-Mail-Hostern, Cloud-Anbietern o.a. Dienstleistern<br \/>bestehen. Derartige Dienstleister werden oftmals als sog. Auftragsverarbeiter auf Basis eines<br \/>entsprechenden Vertrages t\u00e4tig. Sie sind ebenfalls dazu verpflichtet, die datenschutzrechtlichen<br \/>Vorgaben einzuhalten und dies auch vertraglich zu gew\u00e4hrleisten. Die Rechtsgrundlage f\u00fcr<br \/>solche Auftragsverarbeitungsverh\u00e4ltnisse ist Art. 28 DSGVO.<\/p>\t\t\t\t\t\t\t\t<\/div>\n\t\t\t\t<\/div>\n\t\t\t\t<div class=\"elementor-element elementor-element-883d324 elementor-widget elementor-widget-heading\" data-id=\"883d324\" data-element_type=\"widget\" data-e-type=\"widget\" data-widget_type=\"heading.default\">\n\t\t\t\t<div class=\"elementor-widget-container\">\n\t\t\t\t\t<h2 class=\"elementor-heading-title elementor-size-default\">VI. An wen \u00fcbermitteln wir Ihre Daten?<\/h2>\t\t\t\t<\/div>\n\t\t\t\t<\/div>\n\t\t\t\t<div class=\"elementor-element elementor-element-d62c703 elementor-widget elementor-widget-text-editor\" data-id=\"d62c703\" data-element_type=\"widget\" data-e-type=\"widget\" data-widget_type=\"text-editor.default\">\n\t\t\t\t<div class=\"elementor-widget-container\">\n\t\t\t\t\t\t\t\t\t<p>Wir arbeiten regelm\u00e4\u00dfig insbesondere mit folgenden Empf\u00e4ngern zusammen:<br \/>&#8211; Versanddienstleister<br \/>&#8211; Kreditinstitut<br \/>&#8211; E-Mail-Hoster<br \/>&#8211; Web-Hoster<br \/>Wir w\u00e4hlen die externen Dienstleister sorgf\u00e4ltig aus. Im Falle von Auftragsverarbeitungs-<br \/>verh\u00e4ltnissen (Art. 28 DSGVO) sind diese Unternehmen vertraglich an unsere Weisungen<br \/>gebunden und werden regelm\u00e4\u00dfig von uns kontrolliert. N\u00e4here Informationen dazu finden sich in<br \/>den nachfolgenden Beschreibungen der einzelnen Leistungen.<\/p>\t\t\t\t\t\t\t\t<\/div>\n\t\t\t\t<\/div>\n\t\t\t\t<div class=\"elementor-element elementor-element-b95fea6 elementor-widget elementor-widget-heading\" data-id=\"b95fea6\" data-element_type=\"widget\" data-e-type=\"widget\" data-widget_type=\"heading.default\">\n\t\t\t\t<div class=\"elementor-widget-container\">\n\t\t\t\t\t<h2 class=\"elementor-heading-title elementor-size-default\">VII. Werden Ihre Daten an Stellen au\u00dferhalb der EU \u00fcbermittelt?<\/h2>\t\t\t\t<\/div>\n\t\t\t\t<\/div>\n\t\t\t\t<div class=\"elementor-element elementor-element-cb9664f elementor-widget elementor-widget-text-editor\" data-id=\"cb9664f\" data-element_type=\"widget\" data-e-type=\"widget\" data-widget_type=\"text-editor.default\">\n\t\t\t\t<div class=\"elementor-widget-container\">\n\t\t\t\t\t\t\t\t\t<p>Eine \u00dcbermittlung Ihrer personenbezogenen Daten an Drittl\u00e4nder (d.h. au\u00dferhalb der<br \/>EU bzw. des EWR) oder an eine internationale Organisation ist nicht vorgesehen.]<\/p>\t\t\t\t\t\t\t\t<\/div>\n\t\t\t\t<\/div>\n\t\t\t\t<div class=\"elementor-element elementor-element-b722fa3 elementor-widget elementor-widget-heading\" data-id=\"b722fa3\" data-element_type=\"widget\" data-e-type=\"widget\" data-widget_type=\"heading.default\">\n\t\t\t\t<div class=\"elementor-widget-container\">\n\t\t\t\t\t<h2 class=\"elementor-heading-title elementor-size-default\">VIII. Wie lange verarbeiten wir Ihre Daten?<\/h2>\t\t\t\t<\/div>\n\t\t\t\t<\/div>\n\t\t\t\t<div class=\"elementor-element elementor-element-8efb5d5 elementor-widget elementor-widget-text-editor\" data-id=\"8efb5d5\" data-element_type=\"widget\" data-e-type=\"widget\" data-widget_type=\"text-editor.default\">\n\t\t\t\t<div class=\"elementor-widget-container\">\n\t\t\t\t\t\t\t\t\t<p>Die Dauer der Speicherung Ihrer personenbezogenen Daten bemisst sich regelm\u00e4\u00dfig an<br \/>bestehenden gesetzlichen Aufbewahrungsfristen (z.B. nach dem Handels\u2010 oder dem<br \/>Steuerrecht). Soweit nachfolgend nicht anders angegeben, werden Ihre personenbezogenen<br \/>Daten routinem\u00e4\u00dfig nach Ablauf einer evtl. einschl\u00e4gigen Frist gel\u00f6scht, sofern sie nicht mehr zur<br \/>Vertragserf\u00fcllung oder Vertragsanbahnung erforderlich sind, wir kein berechtigtes Interesse mehr<br \/>an der Weiterspeicherung haben und \/ oder wenn Sie nicht in eine dar\u00fcber hinausgehende<br \/>Speicherung eingewilligt haben.<br \/>In Deutschland existieren spezielle Aufbewahrungsfristen u.a. in folgenden Bereichen:<br \/>&#8211; gem. Handelsrecht (6 Jahre z.B. f\u00fcr Er\u00f6ffnungsbilanzen, Jahresabschl\u00fcsse,<br \/>Buchungsbelege o.\u00e4.)<br \/>&#8211; gem. Steuerrecht (10 Jahre f\u00fcr alle steuerrechtlich relevanten Unterlagen)<br \/>&#8211; gem. AGG (6 Monate f\u00fcr Unterlagen abgelehnter Bewerber)<\/p>\t\t\t\t\t\t\t\t<\/div>\n\t\t\t\t<\/div>\n\t\t\t\t<div class=\"elementor-element elementor-element-d997c02 elementor-widget elementor-widget-heading\" data-id=\"d997c02\" data-element_type=\"widget\" data-e-type=\"widget\" data-widget_type=\"heading.default\">\n\t\t\t\t<div class=\"elementor-widget-container\">\n\t\t\t\t\t<h2 class=\"elementor-heading-title elementor-size-default\">IX. Was sind Ihre Rechte?<\/h2>\t\t\t\t<\/div>\n\t\t\t\t<\/div>\n\t\t\t\t<div class=\"elementor-element elementor-element-fbf2569 elementor-widget elementor-widget-text-editor\" data-id=\"fbf2569\" data-element_type=\"widget\" data-e-type=\"widget\" data-widget_type=\"text-editor.default\">\n\t\t\t\t<div class=\"elementor-widget-container\">\n\t\t\t\t\t\t\t\t\t<p>Hinsichtlich der Verarbeitung Ihrer personenbezogenen Daten haben Sie uns gegen\u00fcber das<br \/>Recht&#8230;<br \/>&#8211; Auskunft \u00fcber Ihre von uns verarbeiteten personenbezogenen Daten zu verlangen.<br \/>Insbesondere k\u00f6nnen Sie Auskunft \u00fcber die Verarbeitungszwecke, die Kategorie der<br \/>personenbezogenen Daten, die Kategorien von Empf\u00e4ngern, gegen\u00fcber denen Ihre Daten<br \/>offengelegt wurden oder werden, die geplante Speicherdauer, das Bestehen eines Rechts<br \/>auf Berichtigung, L\u00f6schung, Einschr\u00e4nkung der Verarbeitung oder Widerspruch, das<br \/>Bestehen eines Beschwerderechts, die Herkunft ihrer Daten, sofern diese nicht bei uns<br \/>erhoben wurden, sowie \u00fcber das Bestehen einer automatisierten Entscheidungsfindung<br \/>einschlie\u00dflich Profiling und ggf. aussagekr\u00e4ftigen Informationen zu deren Einzelheiten<br \/>verlangen (Art. 15 DSGVO);<br \/>&#8211; unverz\u00fcglich die Berichtigung unrichtiger oder Vervollst\u00e4ndigung Ihrer bei uns<br \/>gespeicherten personenbezogenen Daten zu verlangen (Art. 16 DSGVO);<br \/>&#8211; die L\u00f6schung Ihrer bei uns gespeicherten personenbezogenen Daten zu verlangen, soweit<br \/>nicht die Verarbeitung zur Aus\u00fcbung des Rechts auf freie Meinungs\u00e4u\u00dferung und<br \/>Information, zur Erf\u00fcllung einer rechtlichen Verpflichtung, aus Gr\u00fcnden des \u00f6ffentlichen<br \/>Interesses oder zur Geltendmachung, Aus\u00fcbung oder Verteidigung von<br \/>Rechtsanspr\u00fcchen erforderlich ist (Art. 17 DSGVO);<br \/>&#8211; die Einschr\u00e4nkung der Verarbeitung Ihrer personenbezogenen Daten zu verlangen, soweit<br \/>die Richtigkeit der Daten von Ihnen bestritten wird, die Verarbeitung unrechtm\u00e4\u00dfig ist, Sie<br \/>aber deren L\u00f6schung ablehnen und wir die Daten nicht mehr ben\u00f6tigen, Sie jedoch diese<br \/>zur Geltendmachung, Aus\u00fcbung oder Verteidigung von Rechtsanspr\u00fcchen ben\u00f6tigen<br \/>oder Sie gem. Art. 21 DSGVO Widerspruch gegen die Verarbeitung eingelegt haben (Art.<br \/>18 DSGVO);<br \/>&#8211; Ihre personenbezogenen Daten, die Sie uns bereitgestellt haben, in einem strukturierten,<br \/>g\u00e4ngigen und maschinenlesebaren Format zu erhalten oder die \u00dcbermittlung an einen<br \/>anderen Verantwortlichen zu verlangen (Datenportabilit\u00e4t, Art. 20 DSGVO);<br \/>&#8211; nicht einer ausschlie\u00dflich auf einer automatisierten Verarbeitung \u2013 einschlie\u00dflich<br \/>Profiling \u2013 beruhenden Entscheidung unterworfen zu werden, die ihr gegen\u00fcber rechtliche<br \/>Wirkung entfaltet oder sie in \u00e4hnlicher Weise erheblich beeintr\u00e4chtigt (Art. 22 DSGVO);<br \/>&#8211; sich bei einer Aufsichtsbeh\u00f6rde zu beschweren (Art. 77 DSGVO);<br \/>&#8211; aus Gr\u00fcnden, die sich aus Ihrer besonderen Situation ergeben, jederzeit gegen die<br \/>Verarbeitung Sie betreffender personenbezogener Daten, die aufgrund von Art. 6 Abs. 1<br \/>lit. e oder f erfolgt, Widerspruch einzulegen; dies gilt auch f\u00fcr ein auf diese Bestimmungen<br \/>gest\u00fctztes Profiling (Art. 21 DSGVO);<br \/>&#8211; Ihre erteilte Einwilligung jederzeit gegen\u00fcber uns zu widerrufen. Dies hat zur Folge, dass<br \/>wir die Datenverarbeitung, die auf dieser Einwilligung beruhte, f\u00fcr die Zukunft nicht mehr<br \/>fortf\u00fchren d\u00fcrfen (Art. 7 Abs. 3 DSGVO).<br \/>Die drei letztgenannten Rechte werden nachfolgend noch n\u00e4her erl\u00e4utert.<\/p>\t\t\t\t\t\t\t\t<\/div>\n\t\t\t\t<\/div>\n\t\t\t\t<div class=\"elementor-element elementor-element-4b8c54d elementor-widget elementor-widget-heading\" data-id=\"4b8c54d\" data-element_type=\"widget\" data-e-type=\"widget\" data-widget_type=\"heading.default\">\n\t\t\t\t<div class=\"elementor-widget-container\">\n\t\t\t\t\t<h2 class=\"elementor-heading-title elementor-size-default\">X. Wann und wie k\u00f6nnen Sie der Datenverarbeitung widersprechen?<\/h2>\t\t\t\t<\/div>\n\t\t\t\t<\/div>\n\t\t\t\t<div class=\"elementor-element elementor-element-3f8d88c elementor-widget elementor-widget-text-editor\" data-id=\"3f8d88c\" data-element_type=\"widget\" data-e-type=\"widget\" data-widget_type=\"text-editor.default\">\n\t\t\t\t<div class=\"elementor-widget-container\">\n\t\t\t\t\t\t\t\t\t<p><em>Sofern Ihre personenbezogenen Daten auf Grundlage von berechtigten Interessen gem. Art. 6<\/em><br \/><em>Abs. 1 S. 1 lit. f DSGVO oder f\u00fcr Direktwerbung bzw. Profiling verarbeitet werden, haben Sie das<\/em><br \/><em>Recht, jederzeit Widerspruch gegen die Datenverarbeitung einzulegen. Dies hat dann zur Folge,<\/em><br \/><em>dass wir die Verarbeitung Ihrer personenbezogenen Daten f\u00fcr die Zukunft nicht mehr fortf\u00fchren<\/em><br \/><em>d\u00fcrfen, es sei denn, dass wir zwingende schutzw\u00fcrdige Gr\u00fcnde f\u00fcr die Verarbeitung nachweisen<\/em><br \/><em>k\u00f6nnen, die Ihren Interessen, Rechte und Freiheiten \u00fcberwiegen, oder die Datenverarbeitung der<\/em><br \/><em>Geltendmachung, Aus\u00fcbung oder Verteidigung von Rechtsanspr\u00fcchen dient.<\/em><br \/><em>Das Widerspruchsrecht gilt jedoch nur, soweit daf\u00fcr Gr\u00fcnde vorliegen, die sich aus Ihrer<\/em><br \/><em>besonderen Situation ergeben oder wenn sich Ihr Widerspruch gegen Direktwerbung richtet. Im<\/em><br \/><em>letzteren Fall haben Sie ein generelles Widerspruchsrecht, das ohne Angabe einer besonderen<\/em><br \/><em>Situation von uns umgesetzt wird.<\/em><br \/><em>M\u00f6chten Sie von Ihrem Widerspruchsrecht Gebrauch machen, gen\u00fcgt eine Nachricht an uns<\/em><br \/><em>(Kontaktdaten s.o.).<\/em><\/p>\t\t\t\t\t\t\t\t<\/div>\n\t\t\t\t<\/div>\n\t\t\t\t<div class=\"elementor-element elementor-element-4e05c10 elementor-widget elementor-widget-heading\" data-id=\"4e05c10\" data-element_type=\"widget\" data-e-type=\"widget\" data-widget_type=\"heading.default\">\n\t\t\t\t<div class=\"elementor-widget-container\">\n\t\t\t\t\t<h2 class=\"elementor-heading-title elementor-size-default\">XI. Wann und wie k\u00f6nnen Sie Ihre Einwilligung widerrufen?<\/h2>\t\t\t\t<\/div>\n\t\t\t\t<\/div>\n\t\t\t\t<div class=\"elementor-element elementor-element-99a700b elementor-widget elementor-widget-text-editor\" data-id=\"99a700b\" data-element_type=\"widget\" data-e-type=\"widget\" data-widget_type=\"text-editor.default\">\n\t\t\t\t<div class=\"elementor-widget-container\">\n\t\t\t\t\t\t\t\t\t<p>Sie k\u00f6nnen erteilte Einwilligungen jederzeit uns gegen\u00fcber widerrufen. Dies hat dann zur Folge,<br \/>dass wir die Verarbeitung Ihrer personenbezogenen Daten, die auf dieser Einwilligung beruhte,<br \/>f\u00fcr die Zukunft nicht mehr fortf\u00fchren d\u00fcrfen.<br \/>M\u00f6chten Sie von Ihrem Widerrufsrecht Gebrauch machen, gen\u00fcgt eine Nachricht an uns<br \/>(Kontaktdaten s.o.).<\/p>\t\t\t\t\t\t\t\t<\/div>\n\t\t\t\t<\/div>\n\t\t\t\t<div class=\"elementor-element elementor-element-56c8adc elementor-widget elementor-widget-heading\" data-id=\"56c8adc\" data-element_type=\"widget\" data-e-type=\"widget\" data-widget_type=\"heading.default\">\n\t\t\t\t<div class=\"elementor-widget-container\">\n\t\t\t\t\t<h2 class=\"elementor-heading-title elementor-size-default\">XII. Bei wem k\u00f6nnen Sie sich beschweren?<\/h2>\t\t\t\t<\/div>\n\t\t\t\t<\/div>\n\t\t\t\t<div class=\"elementor-element elementor-element-3f581a7 elementor-widget elementor-widget-text-editor\" data-id=\"3f581a7\" data-element_type=\"widget\" data-e-type=\"widget\" data-widget_type=\"text-editor.default\">\n\t\t\t\t<div class=\"elementor-widget-container\">\n\t\t\t\t\t\t\t\t\t<p>Hinsichtlich der Verarbeitung Ihrer personenbezogenen Daten durch uns haben Sie das Recht,<br \/>sich bei einer Datenschutz-Aufsichtsbeh\u00f6rde zu beschweren. Eine Liste mit den<br \/>Landesdatenschutzaufsichtsbeh\u00f6rden findet sich z.B. unter folgender Adresse:<br \/>www.bfdi.bund.de\/DE\/Infothek\/Anschriften_Links\/anschriften_links-node.html<\/p>\t\t\t\t\t\t\t\t<\/div>\n\t\t\t\t<\/div>\n\t\t\t\t<div class=\"elementor-element elementor-element-14b94cf elementor-widget elementor-widget-heading\" data-id=\"14b94cf\" data-element_type=\"widget\" data-e-type=\"widget\" data-widget_type=\"heading.default\">\n\t\t\t\t<div class=\"elementor-widget-container\">\n\t\t\t\t\t<h2 class=\"elementor-heading-title elementor-size-default\">XIII. Wann und warum ist die Bereitstellung Ihrer Daten erforderlich?<\/h2>\t\t\t\t<\/div>\n\t\t\t\t<\/div>\n\t\t\t\t<div class=\"elementor-element elementor-element-95f8f18 elementor-widget elementor-widget-text-editor\" data-id=\"95f8f18\" data-element_type=\"widget\" data-e-type=\"widget\" data-widget_type=\"text-editor.default\">\n\t\t\t\t<div class=\"elementor-widget-container\">\n\t\t\t\t\t\t\t\t\t<p>Bei der Nutzung unseres Kontaktformulars oder bei Anfragen per E-Mail geben Sie uns Ihre<br \/>personenbezogenen Daten (z.B. Name, Anschrift oder E-Mail\u2010Adresse) an.<br \/>Die Bereitstellung Ihrer personenbezogenen Daten ist teilweise gesetzlich vorgeschrieben (z.B.<br \/>durch Vorschriften des Steuerrechts). Sie kann auch zur Durchf\u00fchrung von (vor-) vertraglicher<br \/>Ma\u00dfnahmen erforderlich sein. Eine Nichtbereitstellung Ihrer personenbezogenen Daten h\u00e4tte zur<br \/>Folge, dass Ihre Anfrage nicht<br \/>beantwortet werden k\u00f6nnte.<br \/>Zur Durchf\u00fchrung Kommunikation mit<br \/>uns ist die Bereitstellung der folgenden Daten zwingend erforderlich:<br \/>&#8211; Vor- und Nachname<br \/>&#8211; Anschrift<br \/>&#8211; E-Mail-Adresse<br \/>&#8211; Texteingaben<br \/>&#8211; ggf. Telefonnummer (z.B. f\u00fcr R\u00fcckfragen oder Beantwortung von Kundenanfragen)<br \/>Sofern im Rahmen dieser Datenschutzerkl\u00e4rung nicht anders angegeben, sind alle anderen<br \/>Angaben freiwillig.<\/p>\t\t\t\t\t\t\t\t<\/div>\n\t\t\t\t<\/div>\n\t\t\t\t<div class=\"elementor-element elementor-element-ef70ced elementor-widget elementor-widget-heading\" data-id=\"ef70ced\" data-element_type=\"widget\" data-e-type=\"widget\" data-widget_type=\"heading.default\">\n\t\t\t\t<div class=\"elementor-widget-container\">\n\t\t\t\t\t<h2 class=\"elementor-heading-title elementor-size-default\">XIV. Findet eine automatisierte Entscheidungsfindung (z.B. Profiling) statt?<\/h2>\t\t\t\t<\/div>\n\t\t\t\t<\/div>\n\t\t\t\t<div class=\"elementor-element elementor-element-fd40bb4 elementor-widget elementor-widget-text-editor\" data-id=\"fd40bb4\" data-element_type=\"widget\" data-e-type=\"widget\" data-widget_type=\"text-editor.default\">\n\t\t\t\t<div class=\"elementor-widget-container\">\n\t\t\t\t\t\t\t\t\t<p>Eine automatisierte Entscheidung einschlie\u00dflich Profiling findet nicht statt.<\/p>\t\t\t\t\t\t\t\t<\/div>\n\t\t\t\t<\/div>\n\t\t\t\t<div class=\"elementor-element elementor-element-7a2101e elementor-widget elementor-widget-heading\" data-id=\"7a2101e\" data-element_type=\"widget\" data-e-type=\"widget\" data-widget_type=\"heading.default\">\n\t\t\t\t<div class=\"elementor-widget-container\">\n\t\t\t\t\t<h2 class=\"elementor-heading-title elementor-size-default\">XV. Wie k\u00f6nnen Sie mit uns Kontakt aufnehmen?<\/h2>\t\t\t\t<\/div>\n\t\t\t\t<\/div>\n\t\t\t\t<div class=\"elementor-element elementor-element-6443647 elementor-widget elementor-widget-text-editor\" data-id=\"6443647\" data-element_type=\"widget\" data-e-type=\"widget\" data-widget_type=\"text-editor.default\">\n\t\t\t\t<div class=\"elementor-widget-container\">\n\t\t\t\t\t\t\t\t\t<p>Sie k\u00f6nnen mit uns entweder per Post, Telefon oder E\u2010Mail Kontakt aufnehmen (s.o.).<br \/>Sofern Sie z.B. per E-Mail oder \u00fcber unser Kontaktformular den Kontakt mit uns aufnehmen,<br \/>speichern wir die von Ihnen freiwillig an uns \u00fcbermittelten personenbezogenen Daten<br \/>automatisch zu Zwecken der Bearbeitung Ihrer Anfrage bzw. zur Kontaktaufnahme mit Ihnen. Es<br \/>erfolgt keine Weitergabe dieser Daten an Dritte.<\/p>\t\t\t\t\t\t\t\t<\/div>\n\t\t\t\t<\/div>\n\t\t\t\t<div class=\"elementor-element elementor-element-565c915 elementor-widget elementor-widget-heading\" data-id=\"565c915\" data-element_type=\"widget\" data-e-type=\"widget\" data-widget_type=\"heading.default\">\n\t\t\t\t<div class=\"elementor-widget-container\">\n\t\t\t\t\t<h2 class=\"elementor-heading-title elementor-size-default\">XVI. Wie sichern wir unsere Internetseite ab?<\/h2>\t\t\t\t<\/div>\n\t\t\t\t<\/div>\n\t\t\t\t<div class=\"elementor-element elementor-element-4532d9b elementor-widget elementor-widget-text-editor\" data-id=\"4532d9b\" data-element_type=\"widget\" data-e-type=\"widget\" data-widget_type=\"text-editor.default\">\n\t\t\t\t<div class=\"elementor-widget-container\">\n\t\t\t\t\t\t\t\t\t<p>Unter Ber\u00fccksichtigung des Stands der Technik, der Implementierungskosten und der Art, des<br \/>Umfangs, der Umst\u00e4nde und der Zwecke der Verarbeitung sowie der unterschiedlichen<br \/>Eintrittswahrscheinlichkeit und Schwere des Risikos f\u00fcr die Rechte und Freiheiten nat\u00fcrlicher<br \/>Personen, treffen wir geeignete technische und organisatorische Ma\u00dfnahmen, um ein dem Risiko<br \/>angemessenes Schutzniveau zu gew\u00e4hrleisten (Art. 32 DSGVO). Zu diesen Ma\u00dfnahmen geh\u00f6rt<br \/>insbesondere die Sicherung der Vertraulichkeit, Integrit\u00e4t und Verf\u00fcgbarkeit von Daten.<br \/>Au\u00dferdem haben wir bei uns Gesch\u00e4ftsprozesse eingerichtet, die insbesondere die Wahrung von<br \/>Betroffenenrechten, die L\u00f6schung von Daten und auch die Reaktion auf Datenpannen<br \/>sicherstellen. Dar\u00fcber hinaus beachten wir die Prinzipien des Datenschutzrechts, u.a.<br \/>Datenschutz durch Technikgestaltung und durch datenschutzfreundliche Voreinstellungen<br \/>(privacy by design und privacy by default, Art. 25 DSGVO).<br \/>Auf unserer Internetseite nutzen wir aus Sicherheitsgr\u00fcnden und zum Schutz der \u00dcbertragung<br \/>Ihrer personenbezogenen Daten sowie anderer vertraulicher Inhalte eine verschl\u00fcsselte<br \/>\u00dcbertragung mittels SSL-Zertifikat. Dies k\u00f6nnen Sie daran erkennen, dass in der Adresszeile Ihres<br \/>Browsers \u201ehttps\u201c (anstelle von \u201ehttp\u201c) sowie ein Schloss-Symbol und eine andere<br \/>Farbdarstellung erscheint.<\/p>\t\t\t\t\t\t\t\t<\/div>\n\t\t\t\t<\/div>\n\t\t\t\t<div class=\"elementor-element elementor-element-e8d7544 elementor-widget elementor-widget-heading\" data-id=\"e8d7544\" data-element_type=\"widget\" data-e-type=\"widget\" data-widget_type=\"heading.default\">\n\t\t\t\t<div class=\"elementor-widget-container\">\n\t\t\t\t\t<h2 class=\"elementor-heading-title elementor-size-default\">Gib hier deine \u00dcberschrift ein<\/h2>\t\t\t\t<\/div>\n\t\t\t\t<\/div>\n\t\t\t\t<div class=\"elementor-element elementor-element-f7aca31 elementor-widget elementor-widget-text-editor\" data-id=\"f7aca31\" data-element_type=\"widget\" data-e-type=\"widget\" data-widget_type=\"text-editor.default\">\n\t\t\t\t<div class=\"elementor-widget-container\">\n\t\t\t\t\t\t\t\t\t<p>Auf unserer Internetseite nutzen wir sog. Cookies. Dabei handelt es sich um kleine Dateien, die<br \/>Textinformationen enthalten und die von Ihrem Browser gespeichert bzw. auf Ihrem Endger\u00e4t<br \/>abgelegt werden.<br \/>Die sog. transienten (oder auch tempor\u00e4ren) Cookies werden automatisiert gel\u00f6scht, wenn Sie<br \/>Ihren Browser schlie\u00dfen. Dazu z\u00e4hlen insbesondere die Session-Cookies. Diese speichern eine<br \/>bestimmte Kennung (die sog. Session-ID), wodurch Ihr Endger\u00e4t wiedererkannt werden kann,<br \/>wenn Sie auf unsere Internetseite zur\u00fcckkehren. Hierdurch kann z.B. der Inhalt des virtuellen<br \/>Warenkorbs eines Onlineshops oder der Login\u2010Status gespeichert werden. Die Session-Cookies<br \/>werden gel\u00f6scht, wenn Sie sich ausloggen oder den Browser schlie\u00dfen.<br \/>Die sog. persistenten (oder auch permanenten) Cookies werden automatisiert nach einer<br \/>bestimmten Zeitspanne gel\u00f6scht; je nach Cookie unterscheidet sich die Dauer der Speicherung.<br \/>Hierdurch k\u00f6nnen z.B. Nutzer-Informationen zur Reichweitenmessung bzw. f\u00fcr Marketingzwecke<br \/>oder auch ein Login-Status f\u00fcr l\u00e4ngere Zeit gespeichert werden.<br \/>Sowohl bei tempor\u00e4ren als auch bei permanenten Cookies m\u00fcssen sog First-Party-Cookies und<br \/>Third-Party-Cookies unterschieden werden. Die erstgenannten werden von der verantwortlichen<br \/>Stelle, die anderen von Drittanbietern gesetzt.<br \/>Sie k\u00f6nnen Cookies \u00fcber die Sicherheitseinstellungen in Ihrem Browser jederzeit l\u00f6schen oder<br \/>z.B. auch die Annahme der Third-Party-Cookies ablehnen. Wenn Sie generell Widerspruch gegen<br \/>den Einsatz der zu Zwecken des Onlinemarketing eingesetzten Cookies erheben wollen, dann<br \/>k\u00f6nnen Sie das bei versch. Diensten bzw. Anbietern tun, z.B. \u00fcber die amerikanische Seite<br \/>www.aboutads.info\/choices oder \u00fcber die europ\u00e4ische Seite www.youronlinechoices.com. Bitte<br \/>beachten Sie, dass Sie dann aber evtl. nicht alle Funktionen unserer Internetseite nutzen k\u00f6nnen.<br \/>Auf unserer Internetseite k\u00f6nnen wir tempor\u00e4re oder auch permanente Cookies, sowie First und<br \/>auch Third-Party-Cookies einsetzen. Sie werden nachfolgend im Rahmen unserer Datenschutzerkl\u00e4rung weitere<br \/>Informationen dar\u00fcber erhalten.<br \/>Wir setzen derzeit nur solche Cookies ein, die zur Erbringung unseres Angebots technisch<br \/>erforderlich sind. Rechtsgrundlage f\u00fcr die Nutzung von<br \/>Cookies ist Art. 6 Abs. 1 S. 1 lit. f DSGVO. Soweit andere, technisch nicht erforderliche Cookies<br \/>zum Einsatz kommen, holen wir dazu Ihre Einwilligung ein (Art. 6 Abs. 1 S. 1 lit. a DSGVO).<\/p>\t\t\t\t\t\t\t\t<\/div>\n\t\t\t\t<\/div>\n\t\t\t\t<div class=\"elementor-element elementor-element-577ce24 elementor-widget elementor-widget-heading\" data-id=\"577ce24\" data-element_type=\"widget\" data-e-type=\"widget\" data-widget_type=\"heading.default\">\n\t\t\t\t<div class=\"elementor-widget-container\">\n\t\t\t\t\t<h2 class=\"elementor-heading-title elementor-size-default\">XVIII. Wie sieht es mit unseren Profilen in den sozialen Netzwerken aus?<\/h2>\t\t\t\t<\/div>\n\t\t\t\t<\/div>\n\t\t\t\t<div class=\"elementor-element elementor-element-fa5f01a elementor-widget elementor-widget-text-editor\" data-id=\"fa5f01a\" data-element_type=\"widget\" data-e-type=\"widget\" data-widget_type=\"text-editor.default\">\n\t\t\t\t<div class=\"elementor-widget-container\">\n\t\t\t\t\t\t\t\t\t<p>Wir betreiben die nachfolgend aufgez\u00e4hlten Profile in sozialen Netzwerken, um mit den dort<br \/>aktiven Nutzern in Kontakt treten und diese dort \u00fcber unsere Leistungen informieren zu k\u00f6nnen.<br \/>Beim Aufruf der jeweiligen Netzwerke gelten die jeweiligen Gesch\u00e4ftsbedingungen sowie die<br \/>Datenschutzhinweise der jeweiligen Betreiber. Soweit nicht anders im Rahmen unserer<br \/>Datenschutzerkl\u00e4rung angegeben, verarbeiten wird die Daten der Nutzer nur, sofern diese mit<br \/>uns innerhalb der sozialen Netzwerke in Kontakt treten, also z.B. Beitr\u00e4ge auf unseren Profilseiten<br \/>verfassen oder uns Nachrichten schicken.<\/p><p>Unsere Social\u2010Media\u2010Profile:<\/p><p>Facebook: https:\/\/www.facebook.com\/p\/Seniorenheim-ELIM-Bonn-100064331040328\/<\/p><p>Instagram: https:\/\/www.instagram.com\/sh.elimbonn\/?hl=de<\/p>\t\t\t\t\t\t\t\t<\/div>\n\t\t\t\t<\/div>\n\t\t\t\t<div class=\"elementor-element elementor-element-9856594 elementor-widget elementor-widget-spacer\" data-id=\"9856594\" data-element_type=\"widget\" data-e-type=\"widget\" data-widget_type=\"spacer.default\">\n\t\t\t\t<div class=\"elementor-widget-container\">\n\t\t\t\t\t\t\t<div class=\"elementor-spacer\">\n\t\t\t<div class=\"elementor-spacer-inner\"><\/div>\n\t\t<\/div>\n\t\t\t\t\t\t<\/div>\n\t\t\t\t<\/div>\n\t\t\t\t\t<\/div>\n\t\t\t\t<\/div>\n\t\t\t\t<\/div>\n\t\t","protected":false},"excerpt":{"rendered":"<p>Datenschutzerkl\u00e4rung I. Grundlegendes Hier informieren wir Sie \u00fcber die Verarbeitung personenbezogener Daten bei Nutzung unsererOnlinepr\u00e4senzen. Diese Online-Datenschutzerkl\u00e4rung gilt also f\u00fcr unsere Internetseitewww.s-el.de sowie f\u00fcr unsere Profile in den sozialen Netzwerken.Personenbezogene Daten sind alle Daten, die auf Sie pers\u00f6nlich beziehbar sind, also u.a. Name,Anschrift, E-Mail, IP-Adresse oder auch das Nutzerverhalten.Hinsichtlich der verwendeten Begriffe, wie z.B. \u201eVerarbeitung\u201c, [&hellip;]<\/p>\n","protected":false},"author":1,"featured_media":0,"parent":0,"menu_order":0,"comment_status":"closed","ping_status":"closed","template":"","meta":{"_uag_custom_page_level_css":"","site-sidebar-layout":"no-sidebar","site-content-layout":"page-builder","ast-site-content-layout":"full-width-container","site-content-style":"default","site-sidebar-style":"default","ast-global-header-display":"","ast-banner-title-visibility":"","ast-main-header-display":"","ast-hfb-above-header-display":"","ast-hfb-below-header-display":"","ast-hfb-mobile-header-display":"","site-post-title":"disabled","ast-breadcrumbs-content":"","ast-featured-img":"disabled","footer-sml-layout":"","ast-disable-related-posts":"","theme-transparent-header-meta":"","adv-header-id-meta":"","stick-header-meta":"","header-above-stick-meta":"","header-main-stick-meta":"","header-below-stick-meta":"","astra-migrate-meta-layouts":"set","ast-page-background-enabled":"default","ast-page-background-meta":{"desktop":{"background-color":"var(--ast-global-color-4)","background-image":"","background-repeat":"repeat","background-position":"center center","background-size":"auto","background-attachment":"scroll","background-type":"","background-media":"","overlay-type":"","overlay-color":"","overlay-opacity":"","overlay-gradient":""},"tablet":{"background-color":"","background-image":"","background-repeat":"repeat","background-position":"center center","background-size":"auto","background-attachment":"scroll","background-type":"","background-media":"","overlay-type":"","overlay-color":"","overlay-opacity":"","overlay-gradient":""},"mobile":{"background-color":"","background-image":"","background-repeat":"repeat","background-position":"center center","background-size":"auto","background-attachment":"scroll","background-type":"","background-media":"","overlay-type":"","overlay-color":"","overlay-opacity":"","overlay-gradient":""}},"ast-content-background-meta":{"desktop":{"background-color":"var(--ast-global-color-5)","background-image":"","background-repeat":"repeat","background-position":"center center","background-size":"auto","background-attachment":"scroll","background-type":"","background-media":"","overlay-type":"","overlay-color":"","overlay-opacity":"","overlay-gradient":""},"tablet":{"background-color":"var(--ast-global-color-5)","background-image":"","background-repeat":"repeat","background-position":"center center","background-size":"auto","background-attachment":"scroll","background-type":"","background-media":"","overlay-type":"","overlay-color":"","overlay-opacity":"","overlay-gradient":""},"mobile":{"background-color":"var(--ast-global-color-5)","background-image":"","background-repeat":"repeat","background-position":"center center","background-size":"auto","background-attachment":"scroll","background-type":"","background-media":"","overlay-type":"","overlay-color":"","overlay-opacity":"","overlay-gradient":""}},"footnotes":""},"class_list":["post-2177","page","type-page","status-publish","hentry"],"uagb_featured_image_src":{"full":false,"thumbnail":false,"medium":false,"medium_large":false,"large":false,"1536x1536":false,"2048x2048":false},"uagb_author_info":{"display_name":"admin","author_link":"https:\/\/staging.s-el.de\/?author=1"},"uagb_comment_info":0,"uagb_excerpt":"Datenschutzerkl\u00e4rung I. Grundlegendes Hier informieren wir Sie \u00fcber die Verarbeitung personenbezogener Daten bei Nutzung unsererOnlinepr\u00e4senzen. Diese Online-Datenschutzerkl\u00e4rung gilt also f\u00fcr unsere Internetseitewww.s-el.de sowie f\u00fcr unsere Profile in den sozialen Netzwerken.Personenbezogene Daten sind alle Daten, die auf Sie pers\u00f6nlich beziehbar sind, also u.a. Name,Anschrift, E-Mail, IP-Adresse oder auch das Nutzerverhalten.Hinsichtlich der verwendeten Begriffe, wie z.B. \u201eVerarbeitung\u201c,&hellip;","_links":{"self":[{"href":"https:\/\/staging.s-el.de\/index.php?rest_route=\/wp\/v2\/pages\/2177","targetHints":{"allow":["GET"]}}],"collection":[{"href":"https:\/\/staging.s-el.de\/index.php?rest_route=\/wp\/v2\/pages"}],"about":[{"href":"https:\/\/staging.s-el.de\/index.php?rest_route=\/wp\/v2\/types\/page"}],"author":[{"embeddable":true,"href":"https:\/\/staging.s-el.de\/index.php?rest_route=\/wp\/v2\/users\/1"}],"replies":[{"embeddable":true,"href":"https:\/\/staging.s-el.de\/index.php?rest_route=%2Fwp%2Fv2%2Fcomments&post=2177"}],"version-history":[{"count":19,"href":"https:\/\/staging.s-el.de\/index.php?rest_route=\/wp\/v2\/pages\/2177\/revisions"}],"predecessor-version":[{"id":2201,"href":"https:\/\/staging.s-el.de\/index.php?rest_route=\/wp\/v2\/pages\/2177\/revisions\/2201"}],"wp:attachment":[{"href":"https:\/\/staging.s-el.de\/index.php?rest_route=%2Fwp%2Fv2%2Fmedia&parent=2177"}],"curies":[{"name":"wp","href":"https:\/\/api.w.org\/{rel}","templated":true}]}}